{"id":126,"date":"2025-11-24T14:49:31","date_gmt":"2025-11-24T13:49:31","guid":{"rendered":"https:\/\/regie-broye.onyx.casasoft.ch\/acceuil\/"},"modified":"2026-01-15T13:46:00","modified_gmt":"2026-01-15T12:46:00","slug":"acceuil","status":"publish","type":"page","link":"https:\/\/regie-broye.ch\/de\/","title":{"rendered":"Startseite"},"content":{"rendered":"\n<div class=\"wp-block-casasoft-blocks-container  bg-white align-items-lg-center cs-hero\"><div class=\"container\">\n<div class=\"wp-block-columns is-layout-flex wp-container-core-columns-is-layout-28f84493 wp-block-columns-is-layout-flex\">\n<div class=\"wp-block-column is-layout-flow wp-block-column-is-layout-flow\">\n<div class=\"wp-block-casasoft-blocks-image border-radius hero-image\"><img decoding=\"async\" src=\"https:\/\/regie-broye.ch\/wp-content\/uploads\/sites\/19\/2025\/11\/acceuil-1-scaled.webp\" alt=\"\" class=\"cs-image img-fluid semi-portrait hd\"\/><\/div>\n<\/div>\n\n\n\n<div class=\"wp-block-column is-layout-flow wp-block-column-is-layout-flow\">\n<div class=\"wp-block-casasoft-blocks-card cs-card border-radius  large bg-white\"><div class=\"cs-card-content\">\n<div class=\"wp-block-casasoft-blocks-heading cs-heading\"><div class=\"cs-supertitle\">Ihre lokale Immobilienagentur<\/div><h1 class=\"\">Willkommen bei der R\u00e9gie de la Broye<\/h1><\/div>\n\n\n\n<div class=\"wp-block-casasoft-blocks-flexwrapper d-flex flex-wrap gap-default  flex-lg-row justify-content-start\">\n<div><a class=\"btn btn-primary \" href=\"https:\/\/regie-broye.ch\/de\/zu-vermieten\/\">Zu vermieten<\/a><\/div>\n\n\n\n<div><a class=\"btn btn-primary \" href=\"https:\/\/regie-broye.ch\/de\/dienstleistungen\/\">Unsere Dienstleistungen<\/a><\/div>\n<\/div>\n<\/div><\/div>\n<\/div>\n<\/div>\n<\/div><\/div>\n\n\n\n<div class=\"wp-block-casasoft-blocks-container spacer-top-large spacer-bottom-large bg-light\"><div class=\"container\">\n<div class=\"wp-block-columns is-layout-flex wp-container-core-columns-is-layout-28f84493 wp-block-columns-is-layout-flex\">\n<div class=\"wp-block-column is-layout-flow wp-block-column-is-layout-flow\" style=\"flex-basis:25%\"><\/div>\n\n\n\n<div class=\"wp-block-column is-layout-flow wp-block-column-is-layout-flow\" style=\"flex-basis:50%\">\n<div class=\"wp-block-casasoft-blocks-heading cs-heading\"><div class=\"cs-supertitle\">Mehr als eine Immobilienagentur<\/div><h1 class=\"\">Ein zuverl\u00e4ssiger Partner<\/h1><\/div>\n\n\n\n<p class=\"wp-block-casasoft-blocks-text text-small\" style=\"text-align: justify;\">Unsere Herangehensweise basiert auf Engagement f\u00fcr Kundenn\u00e4he, anerkannter Erfahrung und personalisiertem Service. Unsere Effizienz wurde durch die Fusion von MR Immo G\u00e9rance und der G\u00e9rance Immobili\u00e8re de la Broye zus\u00e4tzlich gest\u00e4rkt. Diese Fusion erm\u00f6glicht eine regionale Pr\u00e4senz und vor allem ein gr\u00f6\u00dferes Team, das eine maximale Reaktionsf\u00e4higkeit sowohl in der Liegenschaftsverwaltung als auch in der Verwaltung von Stockwerkeigentum (STWEG) gew\u00e4hrleistet.<\/p>\n<\/div>\n\n\n\n<div class=\"wp-block-column is-layout-flow wp-block-column-is-layout-flow\" style=\"flex-basis:25%\"><\/div>\n<\/div>\n<\/div><\/div>\n\n\n\n<div class=\"wp-block-casasoft-blocks-container spacer-top-large spacer-bottom-large bg-white  property-slider-pattern\"><div class=\"container\">\n<div class=\"wp-block-columns is-layout-flex wp-container-core-columns-is-layout-28f84493 wp-block-columns-is-layout-flex\">\n<div class=\"wp-block-column is-layout-flow wp-block-column-is-layout-flow\">\n<div class=\"wp-block-casasoft-blocks-heading cs-heading spacer-bottom-small\"><div class=\"cs-supertitle\">Zu vermieten<\/div><h1 class=\"\">Unsere Neuigkeiten<\/h1><\/div>\n<\/div>\n\n\n\n<div class=\"wp-block-column is-layout-flow wp-block-column-is-layout-flow\">\n<div><a class=\"cs-anchor-link\" href=\"https:\/\/regie-broye.ch\/de\/zu-vermieten\/\">Entdecken Sie alle unsere Angebote<\/a><\/div>\n<\/div>\n<\/div>\n\n\n<div class=\"property-slider\"><div class=\"row\"><div class=\"property-slider__cell col-lg-4\">\n\n\n\n\n\n\n\n\n\n\n<div class=\"casawp-property \">\n\t\t\t<a href=\"https:\/\/regie-broye.ch\/de\/immobilien\/1741239de-appartement-neuf-de-4-5-pieces-a-estavayer-le-lac\/\" class=\"wrapping-link\"><\/a>\n\t\t<div class=\"casawp-property__image-outer\">\n\t\t\t\t\t\t\t\t\t<div class=\"casawp-thumbnail\">\n\t\t\t\t<div class=\"casawp-thumbnail__img lazyload\" data-bg=\"https:\/\/cdn.casasoft.com\/media\/provider-14054\/property-1741239\/3425d14475e6fdd07970605dbbe2ea2d.jpeg?p=lg\"><\/div>\n\t\t\t<\/div>\n\t\t\t<\/div>\n\t<div class=\"casawp-property__content\">\n\t\t<h3>Appartement neuf de 4,5 pi\u00e8ces \u00e0 Estavayer-le-Lac<\/h3>\n\t\t\n\t\t\t\t\t\t\n\t\t\t\n\t\t\t\t<div class=\"casawp-property__price\">\n\t\t\t\n\t\t\t\t\n\t\t\t\t\t\n\t\t\t\t\t\t\n\t\t\t\t\t\t\n\t\t\t\t\t\n\t\t\t\t\n\t\t\t\t\t\t<span>\n\t\t\t\tCHF 2&#039;430.\u2013 \/ Monat\t\t\t<\/span>\n\t\t<\/div>\n\t\t<div class=\"casawp-property__content-data\">\n\t\t\t\t\t\t\t\t<\/div>\n\t<\/div>\n<\/div>\n<\/div><div class=\"property-slider__cell col-lg-4\">\n\n\n\n\n\n\n\n\n\n\n<div class=\"casawp-property \">\n\t\t\t<a href=\"https:\/\/regie-broye.ch\/de\/immobilien\/1741235de-appartement-neuf-de-2-5-pieces-a-estavayer-le-lac\/\" class=\"wrapping-link\"><\/a>\n\t\t<div class=\"casawp-property__image-outer\">\n\t\t\t\t\t\t\t\t\t<div class=\"casawp-thumbnail\">\n\t\t\t\t<div class=\"casawp-thumbnail__img lazyload\" data-bg=\"https:\/\/cdn.casasoft.com\/media\/provider-14054\/property-1741235\/07e5b69040ebfddd0db6a55f24893b3e.jpeg?p=lg\"><\/div>\n\t\t\t<\/div>\n\t\t\t<\/div>\n\t<div class=\"casawp-property__content\">\n\t\t<h3>Appartement neuf de 2,5 pi\u00e8ces \u00e0 Estavayer-le-Lac<\/h3>\n\t\t\n\t\t\t\t\t\t\n\t\t\t\n\t\t\t\t<div class=\"casawp-property__price\">\n\t\t\t\n\t\t\t\t\n\t\t\t\t\t\n\t\t\t\t\t\t\n\t\t\t\t\t\t\n\t\t\t\t\t\n\t\t\t\t\n\t\t\t\t\t\t<span>\n\t\t\t\tCHF 1&#039;680.\u2013 \/ Monat\t\t\t<\/span>\n\t\t<\/div>\n\t\t<div class=\"casawp-property__content-data\">\n\t\t\t\t\t\t\t\t<\/div>\n\t<\/div>\n<\/div>\n<\/div><div class=\"property-slider__cell col-lg-4\">\n\n\n\n\n\n\n\n\n\n\n<div class=\"casawp-property \">\n\t\t\t<a href=\"https:\/\/regie-broye.ch\/de\/immobilien\/1740365de-appartement-de-35-pieces-au-rez-a-cugy-fr\/\" class=\"wrapping-link\"><\/a>\n\t\t<div class=\"casawp-property__image-outer\">\n\t\t\t\t\t\t\t\t\t<div class=\"casawp-thumbnail\">\n\t\t\t\t<div class=\"casawp-thumbnail__img lazyload\" data-bg=\"https:\/\/cdn.casasoft.com\/media\/provider-14054\/property-1740365\/d9377858107da1d11d2deaa5205c007b.jpeg?p=lg\"><\/div>\n\t\t\t<\/div>\n\t\t\t<\/div>\n\t<div class=\"casawp-property__content\">\n\t\t<h3>Appartement de 3.5 pi\u00e8ces au rez \u00e0 Cugy FR<\/h3>\n\t\t\n\t\t\t\t\t\t\n\t\t\t\n\t\t\t\t<div class=\"casawp-property__price\">\n\t\t\t\n\t\t\t\t\n\t\t\t\t\t\n\t\t\t\t\t\t\n\t\t\t\t\t\t\n\t\t\t\t\t\n\t\t\t\t\n\t\t\t\t\t\t<span>\n\t\t\t\tCHF 1&#039;300.\u2013 \/ Monat\t\t\t<\/span>\n\t\t<\/div>\n\t\t<div class=\"casawp-property__content-data\">\n\t\t\t\t\t\t\t\t<\/div>\n\t<\/div>\n<\/div>\n<\/div><div class=\"property-slider__cell col-lg-4\">\n\n\n\n\n\n\n\n\n\n\n<div class=\"casawp-property \">\n\t\t\t<a href=\"https:\/\/regie-broye.ch\/de\/immobilien\/1738066de-superbe-appartement-de-25-pieces-dans-les-combles-a-estavayer-le-lac\/\" class=\"wrapping-link\"><\/a>\n\t\t<div class=\"casawp-property__image-outer\">\n\t\t\t\t\t\t\t\t\t<div class=\"casawp-thumbnail\">\n\t\t\t\t<div class=\"casawp-thumbnail__img lazyload\" data-bg=\"https:\/\/cdn.casasoft.com\/media\/provider-14054\/property-1738066\/799080f7b697067c011b58833438e023.jpeg?p=lg\"><\/div>\n\t\t\t<\/div>\n\t\t\t<\/div>\n\t<div class=\"casawp-property__content\">\n\t\t<h3>Superbe appartement de 2.5 pi\u00e8ces dans les combles \u00e0 Estavayer-le-Lac<\/h3>\n\t\t\n\t\t\t\t\t\t\n\t\t\t\n\t\t\t\t<div class=\"casawp-property__price\">\n\t\t\t\n\t\t\t\t\n\t\t\t\t\t\n\t\t\t\t\t\t\n\t\t\t\t\t\t\n\t\t\t\t\t\n\t\t\t\t\n\t\t\t\t\t\t<span>\n\t\t\t\tCHF 1&#039;600.\u2013 \/ Monat\t\t\t<\/span>\n\t\t<\/div>\n\t\t<div class=\"casawp-property__content-data\">\n\t\t\t\t\t\t\t\t<\/div>\n\t<\/div>\n<\/div>\n<\/div><div class=\"property-slider__cell col-lg-4\">\n\n\n\n\n\n\n\n\n\n\n<div class=\"casawp-property \">\n\t\t\t<a href=\"https:\/\/regie-broye.ch\/de\/immobilien\/1737192de-appartement-de-35-pieces-a-dompierre-fr\/\" class=\"wrapping-link\"><\/a>\n\t\t<div class=\"casawp-property__image-outer\">\n\t\t\t\t\t\t\t\t\t<div class=\"casawp-thumbnail\">\n\t\t\t\t<div class=\"casawp-thumbnail__img lazyload\" data-bg=\"https:\/\/cdn.casasoft.com\/media\/provider-14054\/property-1737192\/9cf641c8789bd65469accbb721642935.jpeg?p=lg\"><\/div>\n\t\t\t<\/div>\n\t\t\t<\/div>\n\t<div class=\"casawp-property__content\">\n\t\t<h3>Appartement de 3.5 pi\u00e8ces \u00e0 Dompierre FR<\/h3>\n\t\t\n\t\t\t\t\t\t\n\t\t\t\n\t\t\t\t<div class=\"casawp-property__price\">\n\t\t\t\n\t\t\t\t\n\t\t\t\t\t\n\t\t\t\t\t\t\n\t\t\t\t\t\t\n\t\t\t\t\t\n\t\t\t\t\n\t\t\t\t\t\t<span>\n\t\t\t\tCHF 1&#039;940.\u2013 \/ Monat\t\t\t<\/span>\n\t\t<\/div>\n\t\t<div class=\"casawp-property__content-data\">\n\t\t\t\t\t\t\t\t<\/div>\n\t<\/div>\n<\/div>\n<\/div><\/div><\/div><\/div><\/div>\n\n\n\n<div class=\"wp-block-casasoft-blocks-container spacer-top-large spacer-bottom-large bg-primary\"><div class=\"container\">\n<div class=\"wp-block-columns is-layout-flex wp-container-core-columns-is-layout-28f84493 wp-block-columns-is-layout-flex\">\n<div class=\"wp-block-column is-layout-flow wp-block-column-is-layout-flow\">\n<div class=\"wp-block-casasoft-blocks-image\"><img decoding=\"async\" src=\"https:\/\/regie-broye.ch\/wp-content\/uploads\/sites\/19\/2025\/11\/acceuil-2-1024x683.webp\" alt=\"\" class=\"cs-image img-fluid original large\"\/><\/div>\n<\/div>\n\n\n\n<div class=\"wp-block-column is-layout-flow wp-block-column-is-layout-flow\">\n<div class=\"wp-block-casasoft-blocks-heading cs-heading\"><div class=\"cs-supertitle\">\u00dcber uns<\/div><h1 class=\"\">Kompetenzen und Engagement<\/h1><\/div>\n\n\n\n<p class=\"wp-block-casasoft-blocks-text text-small\" style=\"text-align: justify;\">Unser Engagement st\u00fctzt sich auf eine klare und leistungsstarke Teamstruktur. Das Team ist in zwei Bereiche unterteilt. Einerseits der Bereich Stockwerkeigentum (STWEG), der die Verwaltung und Buchhaltung der Mehrfamilienh\u00e4user in Stockwerkeigentum sicherstellt. Andererseits die Liegenschaftsverwaltung, welche s\u00e4mtliche Aspekte der Vermietung, des technischen Unterhalts und der Buchhaltung der Liegenschaften betreut. Diese Organisation erm\u00f6glicht es uns, f\u00fcr jede Dienstleistung Kompetenz und Reaktionsf\u00e4higkeit zu garantieren.<\/p>\n\n\n\n<div class=\"wp-block-casasoft-blocks-flexwrapper d-flex flex-wrap gap-default  flex-lg-row justify-content-start\">\n<div><a class=\"btn btn-primary btn-primary--alt\" href=\"https:\/\/regie-broye.ch\/de\/dienstleistungen\/\">Mehr erfahren<\/a><\/div>\n<\/div>\n<\/div>\n<\/div>\n<\/div><\/div>\n","protected":false},"excerpt":{"rendered":"","protected":false},"author":1,"featured_media":0,"parent":0,"menu_order":0,"comment_status":"closed","ping_status":"closed","template":"","meta":{"_acf_changed":false,"inline_featured_image":false,"footnotes":""},"class_list":["post-126","page","type-page","status-publish","hentry"],"acf":[],"yoast_head":"<!-- This site is optimized with the Yoast SEO plugin v27.5 - https:\/\/yoast.com\/product\/yoast-seo-wordpress\/ -->\n<title>Startseite - R\u00e9gie de La Broye<\/title>\n<meta name=\"robots\" content=\"index, follow, max-snippet:-1, max-image-preview:large, max-video-preview:-1\" \/>\n<link rel=\"canonical\" href=\"https:\/\/regie-broye.ch\/de\/\" \/>\n<meta property=\"og:locale\" content=\"de_DE\" \/>\n<meta property=\"og:type\" content=\"article\" \/>\n<meta property=\"og:title\" content=\"Startseite - R\u00e9gie de La Broye\" \/>\n<meta property=\"og:url\" content=\"https:\/\/regie-broye.ch\/de\/\" \/>\n<meta property=\"og:site_name\" content=\"R\u00e9gie de La Broye\" \/>\n<meta property=\"article:modified_time\" content=\"2026-01-15T12:46:00+00:00\" \/>\n<meta property=\"og:image\" content=\"https:\/\/regie-broye.ch\/wp-content\/uploads\/sites\/19\/2025\/11\/acceuil-1-scaled.webp\" \/>\n<meta name=\"twitter:card\" content=\"summary_large_image\" \/>\n<meta name=\"twitter:label1\" content=\"Gesch\u00e4tzte Lesezeit\" \/>\n\t<meta name=\"twitter:data1\" content=\"2\u00a0Minuten\" \/>\n<script type=\"application\/ld+json\" class=\"yoast-schema-graph\">{\"@context\":\"https:\\\/\\\/schema.org\",\"@graph\":[{\"@type\":\"WebPage\",\"@id\":\"https:\\\/\\\/regie-broye.ch\\\/de\\\/\",\"url\":\"https:\\\/\\\/regie-broye.ch\\\/de\\\/\",\"name\":\"Startseite - R\u00e9gie de La Broye\",\"isPartOf\":{\"@id\":\"https:\\\/\\\/regie-broye.ch\\\/#website\"},\"primaryImageOfPage\":{\"@id\":\"https:\\\/\\\/regie-broye.ch\\\/de\\\/#primaryimage\"},\"image\":{\"@id\":\"https:\\\/\\\/regie-broye.ch\\\/de\\\/#primaryimage\"},\"thumbnailUrl\":\"https:\\\/\\\/regie-broye.ch\\\/wp-content\\\/uploads\\\/sites\\\/19\\\/2025\\\/11\\\/acceuil-1-scaled.webp\",\"datePublished\":\"2025-11-24T13:49:31+00:00\",\"dateModified\":\"2026-01-15T12:46:00+00:00\",\"breadcrumb\":{\"@id\":\"https:\\\/\\\/regie-broye.ch\\\/de\\\/#breadcrumb\"},\"inLanguage\":\"de\",\"potentialAction\":[{\"@type\":\"ReadAction\",\"target\":[\"https:\\\/\\\/regie-broye.ch\\\/de\\\/\"]}]},{\"@type\":\"ImageObject\",\"inLanguage\":\"de\",\"@id\":\"https:\\\/\\\/regie-broye.ch\\\/de\\\/#primaryimage\",\"url\":\"https:\\\/\\\/regie-broye.ch\\\/wp-content\\\/uploads\\\/sites\\\/19\\\/2025\\\/11\\\/acceuil-1-scaled.webp\",\"contentUrl\":\"https:\\\/\\\/regie-broye.ch\\\/wp-content\\\/uploads\\\/sites\\\/19\\\/2025\\\/11\\\/acceuil-1-scaled.webp\"},{\"@type\":\"BreadcrumbList\",\"@id\":\"https:\\\/\\\/regie-broye.ch\\\/de\\\/#breadcrumb\",\"itemListElement\":[{\"@type\":\"ListItem\",\"position\":1,\"name\":\"Home\",\"item\":\"https:\\\/\\\/regie-broye.ch\\\/de\\\/\"},{\"@type\":\"ListItem\",\"position\":2,\"name\":\"Startseite\"}]},{\"@type\":\"WebSite\",\"@id\":\"https:\\\/\\\/regie-broye.ch\\\/#website\",\"url\":\"https:\\\/\\\/regie-broye.ch\\\/\",\"name\":\"R\u00e9gie de La Broye\",\"description\":\"\",\"publisher\":{\"@id\":\"https:\\\/\\\/regie-broye.ch\\\/#organization\"},\"potentialAction\":[{\"@type\":\"SearchAction\",\"target\":{\"@type\":\"EntryPoint\",\"urlTemplate\":\"https:\\\/\\\/regie-broye.ch\\\/?s={search_term_string}\"},\"query-input\":{\"@type\":\"PropertyValueSpecification\",\"valueRequired\":true,\"valueName\":\"search_term_string\"}}],\"inLanguage\":\"de\"},{\"@type\":\"Organization\",\"@id\":\"https:\\\/\\\/regie-broye.ch\\\/#organization\",\"name\":\"R\u00e9gie de La Broye\",\"url\":\"https:\\\/\\\/regie-broye.ch\\\/\",\"logo\":{\"@type\":\"ImageObject\",\"inLanguage\":\"de\",\"@id\":\"https:\\\/\\\/regie-broye.ch\\\/#\\\/schema\\\/logo\\\/image\\\/\",\"url\":\"https:\\\/\\\/regie-broye.ch\\\/wp-content\\\/uploads\\\/sites\\\/19\\\/2025\\\/11\\\/download.png\",\"contentUrl\":\"https:\\\/\\\/regie-broye.ch\\\/wp-content\\\/uploads\\\/sites\\\/19\\\/2025\\\/11\\\/download.png\",\"width\":973,\"height\":379,\"caption\":\"R\u00e9gie de La Broye\"},\"image\":{\"@id\":\"https:\\\/\\\/regie-broye.ch\\\/#\\\/schema\\\/logo\\\/image\\\/\"}}]}<\/script>\n<!-- \/ Yoast SEO plugin. -->","yoast_head_json":{"title":"Startseite - R\u00e9gie de La Broye","robots":{"index":"index","follow":"follow","max-snippet":"max-snippet:-1","max-image-preview":"max-image-preview:large","max-video-preview":"max-video-preview:-1"},"canonical":"https:\/\/regie-broye.ch\/de\/","og_locale":"de_DE","og_type":"article","og_title":"Startseite - R\u00e9gie de La Broye","og_url":"https:\/\/regie-broye.ch\/de\/","og_site_name":"R\u00e9gie de La Broye","article_modified_time":"2026-01-15T12:46:00+00:00","og_image":[{"url":"https:\/\/regie-broye.ch\/wp-content\/uploads\/sites\/19\/2025\/11\/acceuil-1-scaled.webp","type":"","width":"","height":""}],"twitter_card":"summary_large_image","twitter_misc":{"Gesch\u00e4tzte Lesezeit":"2\u00a0Minuten"},"schema":{"@context":"https:\/\/schema.org","@graph":[{"@type":"WebPage","@id":"https:\/\/regie-broye.ch\/de\/","url":"https:\/\/regie-broye.ch\/de\/","name":"Startseite - R\u00e9gie de La Broye","isPartOf":{"@id":"https:\/\/regie-broye.ch\/#website"},"primaryImageOfPage":{"@id":"https:\/\/regie-broye.ch\/de\/#primaryimage"},"image":{"@id":"https:\/\/regie-broye.ch\/de\/#primaryimage"},"thumbnailUrl":"https:\/\/regie-broye.ch\/wp-content\/uploads\/sites\/19\/2025\/11\/acceuil-1-scaled.webp","datePublished":"2025-11-24T13:49:31+00:00","dateModified":"2026-01-15T12:46:00+00:00","breadcrumb":{"@id":"https:\/\/regie-broye.ch\/de\/#breadcrumb"},"inLanguage":"de","potentialAction":[{"@type":"ReadAction","target":["https:\/\/regie-broye.ch\/de\/"]}]},{"@type":"ImageObject","inLanguage":"de","@id":"https:\/\/regie-broye.ch\/de\/#primaryimage","url":"https:\/\/regie-broye.ch\/wp-content\/uploads\/sites\/19\/2025\/11\/acceuil-1-scaled.webp","contentUrl":"https:\/\/regie-broye.ch\/wp-content\/uploads\/sites\/19\/2025\/11\/acceuil-1-scaled.webp"},{"@type":"BreadcrumbList","@id":"https:\/\/regie-broye.ch\/de\/#breadcrumb","itemListElement":[{"@type":"ListItem","position":1,"name":"Home","item":"https:\/\/regie-broye.ch\/de\/"},{"@type":"ListItem","position":2,"name":"Startseite"}]},{"@type":"WebSite","@id":"https:\/\/regie-broye.ch\/#website","url":"https:\/\/regie-broye.ch\/","name":"R\u00e9gie de La Broye","description":"","publisher":{"@id":"https:\/\/regie-broye.ch\/#organization"},"potentialAction":[{"@type":"SearchAction","target":{"@type":"EntryPoint","urlTemplate":"https:\/\/regie-broye.ch\/?s={search_term_string}"},"query-input":{"@type":"PropertyValueSpecification","valueRequired":true,"valueName":"search_term_string"}}],"inLanguage":"de"},{"@type":"Organization","@id":"https:\/\/regie-broye.ch\/#organization","name":"R\u00e9gie de La Broye","url":"https:\/\/regie-broye.ch\/","logo":{"@type":"ImageObject","inLanguage":"de","@id":"https:\/\/regie-broye.ch\/#\/schema\/logo\/image\/","url":"https:\/\/regie-broye.ch\/wp-content\/uploads\/sites\/19\/2025\/11\/download.png","contentUrl":"https:\/\/regie-broye.ch\/wp-content\/uploads\/sites\/19\/2025\/11\/download.png","width":973,"height":379,"caption":"R\u00e9gie de La Broye"},"image":{"@id":"https:\/\/regie-broye.ch\/#\/schema\/logo\/image\/"}}]}},"_links":{"self":[{"href":"https:\/\/regie-broye.ch\/de\/wp-json\/wp\/v2\/pages\/126","targetHints":{"allow":["GET"]}}],"collection":[{"href":"https:\/\/regie-broye.ch\/de\/wp-json\/wp\/v2\/pages"}],"about":[{"href":"https:\/\/regie-broye.ch\/de\/wp-json\/wp\/v2\/types\/page"}],"author":[{"embeddable":true,"href":"https:\/\/regie-broye.ch\/de\/wp-json\/wp\/v2\/users\/1"}],"replies":[{"embeddable":true,"href":"https:\/\/regie-broye.ch\/de\/wp-json\/wp\/v2\/comments?post=126"}],"version-history":[{"count":0,"href":"https:\/\/regie-broye.ch\/de\/wp-json\/wp\/v2\/pages\/126\/revisions"}],"wp:attachment":[{"href":"https:\/\/regie-broye.ch\/de\/wp-json\/wp\/v2\/media?parent=126"}],"curies":[{"name":"wp","href":"https:\/\/api.w.org\/{rel}","templated":true}]}}